{"id":8092,"date":"2016-07-07T17:34:58","date_gmt":"2016-07-07T20:34:58","guid":{"rendered":"http:\/\/www.fumssar.com.br\/?page_id=8092"},"modified":"2021-06-23T15:10:41","modified_gmt":"2021-06-23T18:10:41","slug":"unidades-de-saude-caps-novo-rumo","status":"publish","type":"page","link":"https:\/\/www.fumssar.com.br\/?page_id=8092","title":{"rendered":"Unidades de Sa\u00fade > CAPS Novo Rumo"},"content":{"rendered":"<h3><strong>CAPS Novo Rumo<\/strong><\/h3>\n<h4><strong>Contatos<\/strong><\/h4>\n<p><strong>Telefone:<\/strong> (55) 3513-5157 | 99653-3749<br \/>\n<strong>Email:<\/strong> caps@fumssar.com.br<\/p>\n<p>&#8212;<\/p>\n<h4><strong>Endere\u00e7o<\/strong><\/h4>\n<p>Av. Flores da Cunha, 1321, Cruzeiro, Santa Rosa &#8211; RS<\/p>\n<p><iframe loading=\"lazy\" style=\"border: 0;\" src=\"https:\/\/www.google.com\/maps\/embed?pb=!1m18!1m12!1m3!1d1269.8932098478601!2d-54.43203389062243!3d-27.86777730581654!2m3!1f0!2f0!3f0!3m2!1i1024!2i768!4f13.1!3m3!1m2!1s0x0%3A0x0!2zMjfCsDUyJzA0LjAiUyA1NMKwMjUnNTIuNSJX!5e1!3m2!1spt-BR!2sbr!4v1467923659000\" width=\"400\" height=\"300\" frameborder=\"0\" allowfullscreen=\"allowfullscreen\"><\/iframe><\/p>\n<p>&#8212;<\/p>\n<p><a href=\"http:\/\/www.fumssar.com.br\/wp-content\/uploads\/2016\/10\/Caps-Novo-Rumo.pdf\" target=\"_blank\" rel=\"noopener noreferrer\"><img decoding=\"async\" class=\"\" src=\"http:\/\/www.fumssar.com.br\/wp-content\/uploads\/2016\/10\/botao-profissionais-da-UBS.jpg\" alt=\"\" width=\"\" height=\"\" \/><\/a><\/p>\n<p>&#8212;<\/p>\n<h4><strong>Sobre o CAPS Novo Rumo<\/strong><\/h4>\n<p align=\"justify\">A inaugura\u00e7\u00e3o foi realizada no dia 20 de mar\u00e7o de 2008. A constru\u00e7\u00e3o do processo de implanta\u00e7\u00e3o do Centro de Aten\u00e7\u00e3o Psicossocial \u2013 CAPS Novo Rumo vem ao encontro do contexto das pol\u00edticas nacionais que surgiram ap\u00f3s o Movimento da Reforma Psiqui\u00e1trica. Esta reforma impulsionou uma nova abordagem \u00e0 sa\u00fade mental com servi\u00e7os substitutivos ao modelo hospitaloc\u00eantrico atrav\u00e9s da inser\u00e7\u00e3o dos sujeitos na comunidade, redu\u00e7\u00e3o de leitos psiqui\u00e1tricos e cria\u00e7\u00e3o de leitos em hospitais gerais, integra\u00e7\u00e3o da equipe multidisciplinar e a humaniza\u00e7\u00e3o dos servi\u00e7os de sa\u00fade mental. A implementa\u00e7\u00e3o do CAPS em Santa Rosa foi respaldada pelos relat\u00f3rios finais das III, IV e V Confer\u00eancia Municipal de Sa\u00fade, nos quais deliberou pela inser\u00e7\u00e3o social dos usu\u00e1rios de sa\u00fade mental, tomando-se medida institucional para substitui\u00e7\u00e3o ao modelo manicomial, reafirmando as experi\u00eancias de CAPS e demais projetos de Aten\u00e7\u00e3o B\u00e1sica. Dentre as atividades desenvolvidas inicialmente a equipe do CAPS realizou reuni\u00f5es com as equipes das unidades de sa\u00fade para sensibiliza\u00e7\u00e3o sobre a proposta terap\u00eautica do CAPS, fluxos de atendimentos, elabora\u00e7\u00e3o do instrumento de Avalia\u00e7\u00e3o Multidisciplinar e do Plano Terap\u00eautico Institucional. O Objetivo do servi\u00e7o \u00e9 atuar como articulador da rede de aten\u00e7\u00e3o em sa\u00fade mental do munic\u00edpio promovendo o cuidado integral nos diversos n\u00edveis de aten\u00e7\u00e3o. O servi\u00e7o tem como base de suas a\u00e7\u00f5es a promo\u00e7\u00e3o da sa\u00fade, o respeito e a integra\u00e7\u00e3o do sujeito com sofrimento ps\u00edquico \u00e0 sua comunidade. Neste sentido, realiza o planejamento e a execu\u00e7\u00e3o das atividades a partir interdisciplinaridade, da rela\u00e7\u00e3o com o usu\u00e1rio e de suas implica\u00e7\u00f5es subjetivas e socioculturais; da valoriza\u00e7\u00e3o do sujeito no tratamento, do incentivo para que a fam\u00edlia e a sociedade assumam seu compromisso na aten\u00e7\u00e3o e no apoio ao indiv\u00edduo em sofrimento ps\u00edquico e, sobretudo, a \u00eanfase \u00e0 recupera\u00e7\u00e3o de sua cidadania. 47 Prop\u00f5em-se a atuar como servi\u00e7o de apoio qualificado e intermedi\u00e1rio no \u00e2mbito da sa\u00fade mental sendo refer\u00eancia para rede b\u00e1sica do munic\u00edpio atrav\u00e9s de aten\u00e7\u00e3o especializada, interven\u00e7\u00f5es conjuntas e apoio matricial. Em rela\u00e7\u00e3o ao sistema hospitalar, o CAPS desenvolve a\u00e7\u00f5es em conjunto com a equipe de trabalhadores do servi\u00e7o desenvolvendo a\u00e7\u00f5es com os usu\u00e1rios hospitalizados e p\u00f3s alta. Tamb\u00e9m realiza interven\u00e7\u00f5es intersetoriais de forma a garantir a integralidade da assist\u00eancia e perman\u00eancia do usu\u00e1rio na comunidade.<\/p>\n","protected":false},"excerpt":{"rendered":"<p>CAPS Novo Rumo Contatos Telefone: (55) 3513-5157 | 99653-3749 Email: caps@fumssar.com.br &#8212; Endere\u00e7o Av. Flores&#8230;<\/p>\n","protected":false},"author":16,"featured_media":0,"parent":29,"menu_order":0,"comment_status":"closed","ping_status":"open","template":"","meta":{"footnotes":""},"_links":{"self":[{"href":"https:\/\/www.fumssar.com.br\/index.php?rest_route=\/wp\/v2\/pages\/8092"}],"collection":[{"href":"https:\/\/www.fumssar.com.br\/index.php?rest_route=\/wp\/v2\/pages"}],"about":[{"href":"https:\/\/www.fumssar.com.br\/index.php?rest_route=\/wp\/v2\/types\/page"}],"author":[{"embeddable":true,"href":"https:\/\/www.fumssar.com.br\/index.php?rest_route=\/wp\/v2\/users\/16"}],"replies":[{"embeddable":true,"href":"https:\/\/www.fumssar.com.br\/index.php?rest_route=%2Fwp%2Fv2%2Fcomments&post=8092"}],"version-history":[{"count":8,"href":"https:\/\/www.fumssar.com.br\/index.php?rest_route=\/wp\/v2\/pages\/8092\/revisions"}],"predecessor-version":[{"id":17713,"href":"https:\/\/www.fumssar.com.br\/index.php?rest_route=\/wp\/v2\/pages\/8092\/revisions\/17713"}],"up":[{"embeddable":true,"href":"https:\/\/www.fumssar.com.br\/index.php?rest_route=\/wp\/v2\/pages\/29"}],"wp:attachment":[{"href":"https:\/\/www.fumssar.com.br\/index.php?rest_route=%2Fwp%2Fv2%2Fmedia&parent=8092"}],"curies":[{"name":"wp","href":"https:\/\/api.w.org\/{rel}","templated":true}]}}