{"id":97,"date":"2013-11-29T18:00:48","date_gmt":"2013-11-29T18:00:48","guid":{"rendered":"http:\/\/www.fumssar.com.br\/?page_id=97"},"modified":"2021-06-23T15:11:48","modified_gmt":"2021-06-23T18:11:48","slug":"sobre-o-posto","status":"publish","type":"page","link":"http:\/\/www.fumssar.com.br\/?page_id=97","title":{"rendered":"Unidades de Sa\u00fade > Posto de Sa\u00fade Auxiliadora > Sobre o Posto"},"content":{"rendered":"<h3><strong>Auxiliadora<\/strong><\/h3>\n<h4><strong>Contatos<\/strong><\/h4>\n<p><strong>Telefone:<\/strong> (55) 3513-5167 | 99644-9585<br \/>\n<strong>Email:<\/strong> ubsauxiliadora@fumssar.com.br<\/p>\n<p>&#8212;<\/p>\n<h4><strong>Endere\u00e7o<\/strong><\/h4>\n<p>Rua Santa Terezinha, 429, Bairro Auxiliadora, Santa Rosa &#8211; RS<\/p>\n<p><iframe loading=\"lazy\" style=\"border: 0;\" src=\"https:\/\/www.google.com\/maps\/embed?pb=!1m14!1m8!1m3!1d1049.471572642018!2d-54.5003754!3d-27.8818001!3m2!1i1024!2i768!4f13.1!3m3!1m2!1s0x94f93469f7721e6f%3A0xc5d88995ee37aca2!2sPosto+de+Sa%C3%BAde+Auxiliadora!5e1!3m2!1spt-BR!2sbr!4v1467902622032\" width=\"400\" height=\"300\" frameborder=\"0\" allowfullscreen=\"allowfullscreen\"><\/iframe><\/p>\n<p>&#8212;<\/p>\n<h4><strong>Hor\u00e1rio de Atendimento<\/strong><\/h4>\n<p><strong>Segunda a Sexta-Feira<\/strong><br \/>\n<strong>Manh\u00e3:<\/strong> 7:30 \u00e0s 11:30<br \/>\n<strong>Tarde:<\/strong> 13:30 \u00e0s 17:30<\/p>\n<p>&#8212;<\/p>\n<h4><strong>Servi\u00e7os Oferecidos<\/strong><\/h4>\n<p><strong>Cronograma de Atendimento<\/strong><\/p>\n<p><strong>Consulta M\u00e9dica Cl\u00ednica Geral:<\/strong> Primeiro dia do m\u00eas agenda-se hipertensos, diab\u00e9ticos, idosos. Diariamente distribui-se oito fichas e atende-se duas urg\u00eancias.<br \/>\n<strong>Consulta Odontol\u00f3gica:<\/strong> Atendimento di\u00e1rio com fichas e agendamento para crian\u00e7as e adolescentes at\u00e9 19 anos, gestantes, hipertensos, diab\u00e9ticos e idosos. Tamb\u00e9m s\u00e3o atendidas urg\u00eancias.<br \/>\n<strong>Consulta Enfermeira:<\/strong> Conforme demanda e triagem de urg\u00eancias, pr\u00e9-natal, exame citopatol\u00f3gico, sa\u00fade da mulher, hipertensos.<br \/>\n<strong>T\u00e9cnica de Enfermagem:<\/strong> Recep\u00e7\u00e3o, medicamentos, sala de vacinas, esteriliza\u00e7\u00f5es, curativos, acolhimento, visitas domiciliares.<br \/>\n<strong>Agentes comunit\u00e1rios de sa\u00fade:<\/strong> Visitas domiciliares, orienta\u00e7\u00f5es, alguns agendamento para pacientes impossibilitados (exce\u00e7\u00f5es).<\/p>\n<p><strong>Atividades em Grupo<\/strong><\/p>\n<p><strong>Grupo de Gestante:<\/strong> Popula\u00e7\u00e3o-alvo as gestantes da unidade, os encontros s\u00e3o realizados nas ter\u00e7as-feiras, quinzenalmente, das 14h as 16h. Coordena\u00e7\u00e3o: Enf. Edna Fortes.<br \/>\n<strong>Grupo de Tabagismo:<\/strong> Mensalmente inicia-se um grupo, com hor\u00e1rio definido de acordo com a demanda. Coordena\u00e7\u00e3o: Residentes.<br \/>\n<strong>Projeto-Escola: Sa\u00fade do Adolescente:<\/strong> Popula\u00e7\u00e3o-alvo alunos de 6\u00ba a 8\u00ba s\u00e9rie do CIEP, que recebem os profissionais de sa\u00fade mensalmente para discuss\u00e3o de temas relevantes. Coordena\u00e7\u00e3o: Residentes.<br \/>\n<strong>Oficina Terap\u00eautica:<\/strong> P\u00fablico feminino em geral. Encontros realizados todas as quintas-feiras a partir das 9h. Coordena\u00e7\u00e3o: Edna Fortes.<\/p>\n<p>&#8212;<\/p>\n<h4><strong>Equipe<\/strong><\/h4>\n<p><a href=\"http:\/\/www.fumssar.com.br\/wp-content\/uploads\/2016\/10\/Auxiliadora.pdf\" target=\"_blank\" rel=\"noopener noreferrer\"><img decoding=\"async\" class=\"\" src=\"http:\/\/www.fumssar.com.br\/wp-content\/uploads\/2016\/10\/botao-profissionais-da-UBS.jpg\" alt=\"\" width=\"\" height=\"\" \/><\/a><\/p>\n<p>&#8212;<\/p>\n<p><a href=\"http:\/\/www.fumssar.com.br\/wp-content\/uploads\/2013\/11\/papel-de-parede-do-visualizador-de-fotos-do-windows.jpg\"><img loading=\"lazy\" decoding=\"async\" class=\"size-medium wp-image-346\" src=\"http:\/\/www.fumssar.com.br\/wp-content\/uploads\/2013\/11\/papel-de-parede-do-visualizador-de-fotos-do-windows-300x225.jpg\" alt=\"papel de parede do visualizador de fotos do windows\" width=\"300\" height=\"225\" srcset=\"http:\/\/www.fumssar.com.br\/wp-content\/uploads\/2013\/11\/papel-de-parede-do-visualizador-de-fotos-do-windows-300x225.jpg 300w, http:\/\/www.fumssar.com.br\/wp-content\/uploads\/2013\/11\/papel-de-parede-do-visualizador-de-fotos-do-windows-1024x768.jpg 1024w, http:\/\/www.fumssar.com.br\/wp-content\/uploads\/2013\/11\/papel-de-parede-do-visualizador-de-fotos-do-windows.jpg 1440w\" sizes=\"(max-width: 300px) 100vw, 300px\" \/><\/a><\/p>\n<p>&#8212;<\/p>\n<h4><strong>Hist\u00f3rico<\/strong><\/h4>\n<p>As atividades relacionadas ao cuidado da sa\u00fade, iniciaram-se no Bairro Auxiliadora a cerca de 25 anos. Inicialmente, as atividades eram realizadas em uma pequena instala\u00e7\u00e3o, com apenas duas pe\u00e7as localizada na Rua Davi Canabarro, atr\u00e1s do atual posto de sa\u00fade. Trabalhavam nessa unidade dois funcion\u00e1rios do estado: uma agente administrativa e um m\u00e9dico pediatra. Os adultos procuravam atendimento no centro, atrav\u00e9s do INAMPS. As a\u00e7\u00f5es no posto se resumiam ao atendimento de crian\u00e7as (consulta pedi\u00e1trica) e vacina\u00e7\u00e3o.<\/p>\n<p>No in\u00edcio dos anos 90, o posto mudou-se para uma estrutura maior, junto do pr\u00e9dio da atual creche municipal. O atendimento continuou centrado no pediatra al\u00e9m disso, eram fornecidos servi\u00e7os de vacinas, inje\u00e7\u00f5es e algumas medica\u00e7\u00f5es via oral, al\u00e9m dos encaminhamentos administrativos. Nessa \u00e9poca havia uma agente de sa\u00fade, que era volunt\u00e1ria e que passou a ser remunerada pela associa\u00e7\u00e3o de moradores do bairro que tinha como presidente o Sr. Valtair Brum. Essa agente fazia inje\u00e7\u00f5es, curativos e servia como refer\u00eancia da popula\u00e7\u00e3o para as quest\u00f5es de sa\u00fade.<\/p>\n<p>Em 1993, quando a sa\u00fade foi municipalizada foram observadas melhorias. Ocorreram investimentos para as a\u00e7\u00f5es realizadas no posto, mais funcion\u00e1rios passaram a trabalhar na unidade. Um profissional enfermeiro passou a atuar 40h semanais e dois auxiliares de enfermagem. Tamb\u00e9m a unidade passou a contar com uma m\u00e9dica cl\u00ednica geral. Essas mudan\u00e7as ocorreram num contexto em que ocorria um grande tensionamento para o fortalecimento da aten\u00e7\u00e3o prim\u00e1ria em sa\u00fade no munic\u00edpio, com disputas importantes no \u00e2mbito pol\u00edtico e de gest\u00e3o, culminando com a cria\u00e7\u00e3o da Funda\u00e7\u00e3o Municipal de Sa\u00fade de Santa Rosa (FUMSSAR) em 1995.<\/p>\n<p>Em 1996 a FUMSSAR faz o primeiro concurso para profissionais de n\u00edvel superior e assim \u00e9 estabelecida uma equipe de sa\u00fade no Bairro Auxiliadora com profissionais 40h com dedica\u00e7\u00e3o exclusiva: um profissional m\u00e9dico, um dentista, um enfermeiro, al\u00e9m de dois auxiliares de enfermagem e os agentes de sa\u00fade passaram a ser contratados e remunerados pelo munic\u00edpio e a trabalhar conforme prev\u00ea o PACS. O espa\u00e7o onde atuava a equipe era bastante restrito. A falta de espa\u00e7o f\u00edsico para a atua\u00e7\u00e3o cl\u00ednica do dentista foi contornada atrav\u00e9s de um acordo entre o munic\u00edpio e a escola do bairro (CIEP). Esta contava com os equipamentos odontol\u00f3gicos e instala\u00e7\u00f5es f\u00edsicas, mas n\u00e3o tinha profissional para atuar. A presen\u00e7a do profissional odont\u00f3logo na equipe foi umas das principais reivindica\u00e7\u00f5es da comunidade naquele momento. Somente em 2007, quando um novo posto de sa\u00fade foi constru\u00eddo no bairro, que \u00e9 o local onde a atual unidade encontra-se localizada, na rua Santa Terezinha \u00e9 que a equipe de sa\u00fade bucal passou a atender junto do posto de sa\u00fade.<\/p>\n<p><span style=\"color: black;\">Al\u00e9m dos profissionais citados acima, a partir de 1996 a unidade passou a contar com atendimento em alguns turnos da semana de psic\u00f3logo, de nutricionista e pediatra.<br \/>\n<\/span><\/p>\n","protected":false},"excerpt":{"rendered":"<p>Auxiliadora Contatos Telefone: (55) 3513-5167 | 99644-9585 Email: ubsauxiliadora@fumssar.com.br &#8212; Endere\u00e7o Rua Santa Terezinha, 429,&#8230;<\/p>\n","protected":false},"author":1,"featured_media":0,"parent":95,"menu_order":0,"comment_status":"closed","ping_status":"open","template":"","meta":{"footnotes":""},"_links":{"self":[{"href":"http:\/\/www.fumssar.com.br\/index.php?rest_route=\/wp\/v2\/pages\/97"}],"collection":[{"href":"http:\/\/www.fumssar.com.br\/index.php?rest_route=\/wp\/v2\/pages"}],"about":[{"href":"http:\/\/www.fumssar.com.br\/index.php?rest_route=\/wp\/v2\/types\/page"}],"author":[{"embeddable":true,"href":"http:\/\/www.fumssar.com.br\/index.php?rest_route=\/wp\/v2\/users\/1"}],"replies":[{"embeddable":true,"href":"http:\/\/www.fumssar.com.br\/index.php?rest_route=%2Fwp%2Fv2%2Fcomments&post=97"}],"version-history":[{"count":14,"href":"http:\/\/www.fumssar.com.br\/index.php?rest_route=\/wp\/v2\/pages\/97\/revisions"}],"predecessor-version":[{"id":17714,"href":"http:\/\/www.fumssar.com.br\/index.php?rest_route=\/wp\/v2\/pages\/97\/revisions\/17714"}],"up":[{"embeddable":true,"href":"http:\/\/www.fumssar.com.br\/index.php?rest_route=\/wp\/v2\/pages\/95"}],"wp:attachment":[{"href":"http:\/\/www.fumssar.com.br\/index.php?rest_route=%2Fwp%2Fv2%2Fmedia&parent=97"}],"curies":[{"name":"wp","href":"https:\/\/api.w.org\/{rel}","templated":true}]}}