{"id":93,"date":"2013-11-29T17:57:06","date_gmt":"2013-11-29T17:57:06","guid":{"rendered":"http:\/\/www.fumssar.com.br\/?page_id=93"},"modified":"2021-06-23T10:35:16","modified_gmt":"2021-06-23T13:35:16","slug":"sobre-o-posto","status":"publish","type":"page","link":"http:\/\/www.fumssar.com.br\/?page_id=93","title":{"rendered":"Unidades de Sa\u00fade > Posto de Sa\u00fade Agr\u00edcola > Sobre o Posto"},"content":{"rendered":"<h3><strong>Agr\u00edcola<\/strong><\/h3>\n<h4><strong>Contatos<\/strong><\/h4>\n<p><strong>Telefone:<\/strong> (55) 3513-5166 | 99617-0443<br \/>\n<strong>Email:<\/strong> ubsagricola@fumssar.com.br<\/p>\n<p>&#8212;<\/p>\n<h4><strong>Endere\u00e7o<\/strong><\/h4>\n<p>Rua Benvindo Giordani, 440, Vila Agr\u00edcola, Santa Rosa &#8211; RS<\/p>\n<p><iframe loading=\"lazy\" style=\"border: 0;\" src=\"https:\/\/www.google.com\/maps\/embed?pb=!1m18!1m12!1m3!1d28213.13963796014!2d-54.505342912721666!3d-27.88224844405054!2m3!1f0!2f0!3f0!3m2!1i1024!2i768!4f13.1!3m3!1m2!1s0x0%3A0x0!2zMjfCsDUyJzU2LjEiUyA1NMKwMjknMTYuMiJX!5e1!3m2!1spt-BR!2sbr!4v1467902255378\" width=\"400\" height=\"300\" frameborder=\"0\" allowfullscreen=\"allowfullscreen\"><\/iframe><\/p>\n<p>&#8212;<\/p>\n<h4><strong>Hor\u00e1rio de Atendimento<\/strong><\/h4>\n<p><strong>Segunda a Sexta-Feira<\/strong><br \/>\n<strong>Manh\u00e3:<\/strong> 7:30 \u00e0s 11:30<br \/>\n<strong>Tarde:<\/strong> 13:30 \u00e0s 17:30<\/p>\n<p>&#8212;<\/p>\n<h4><strong>Servi\u00e7os Oferecidos<\/strong><\/h4>\n<p><strong>Atividades em Grupo<\/strong><\/p>\n<p><strong>Grupo de Sa\u00fade Bem-Viver:<\/strong> Tradicional Grupo de sa\u00fade, onde existe a participa\u00e7\u00e3o cont\u00ednua de seus apoiadores, que realizam encontros semanalmente, promovendo o bem-estar, auxiliando na melhora da qualidade de vida dos seus participantes.<br \/>\nS\u00e3o desenvolvidas atividades como palestras, integra\u00e7\u00f5es festivas e confec\u00e7\u00e3o de objetos de lazer. O grupo \u00e9 coordenado pelas Agentes Comunit\u00e1rias de Sa\u00fade.<br \/>\n<strong>Local:<\/strong> Sal\u00e3o Tiradentes.<br \/>\n<strong>Hor\u00e1rio:<\/strong> Todas as Ter\u00e7as-Feiras, a partir das 14 Horas.<\/p>\n<p><strong>Grupo de Atividade F\u00edsica:<\/strong> Encontro realizado duas vezes por semana, ter\u00e7as e sextas-feiras, \u00e9 desenvolvido sob a orienta\u00e7\u00e3o do Professor Educador F\u00edsico Rog\u00e9rio dos Santos. Realiza atividades como gin\u00e1stica laboral e desenvolve pr\u00e1ticas a fim de colaborar na melhora da qualidade de sa\u00fade de seus participantes.<br \/>\n<strong>Local:<\/strong> Sal\u00e3o Tiradentes.<br \/>\n<strong>Hor\u00e1rio:<\/strong> Ter\u00e7as e Sextas-Feiras, a partir das 15 horas.<\/p>\n<p><strong>Grupo de Diabetes:<\/strong> \u00c9 realizado na \u00faltima quinta-feira do m\u00eas na unidade de sa\u00fade Agr\u00edcola, onde s\u00e3o realizados os testes de glicemia capilar, aferi\u00e7\u00e3o de press\u00e3o arterial e peso. \u00c9 coordenada pela Dra. Tatiana de Freitas Dam\u00e9 e equipe de sa\u00fade. Ap\u00f3s os exames, \u00e9 realizada uma integra\u00e7\u00e3o entro todos os participantes com orienta\u00e7\u00f5es e confraterniza\u00e7\u00e3o.<br \/>\n<strong>Local:<\/strong> Posto de Sa\u00fade Agr\u00edcola.<br \/>\n<strong>Hor\u00e1rio:<\/strong> Todas as \u00faltimas Quintas-Feiras do m\u00eas a partir das 8 horas.<\/p>\n<p>&#8212;<\/p>\n<h4><strong>Equipe<\/strong><\/h4>\n<p><a href=\"http:\/\/www.fumssar.com.br\/wp-content\/uploads\/2016\/10\/Agr\u00edcola.pdf\" target=\"_blank\" rel=\"noopener noreferrer\"><img decoding=\"async\" class=\"\" src=\"http:\/\/www.fumssar.com.br\/wp-content\/uploads\/2016\/10\/botao-profissionais-da-UBS.jpg\" alt=\"\" width=\"\" height=\"\" \/><\/a><\/p>\n<p>&#8212;<\/p>\n<p><a href=\"http:\/\/www.fumssar.com.br\/wp-content\/uploads\/2013\/11\/DSC00326.jpg\"><img loading=\"lazy\" decoding=\"async\" class=\"size-medium wp-image-356\" src=\"http:\/\/www.fumssar.com.br\/wp-content\/uploads\/2013\/11\/DSC00326-300x225.jpg\" alt=\"DSC00326\" width=\"300\" height=\"225\" srcset=\"http:\/\/www.fumssar.com.br\/wp-content\/uploads\/2013\/11\/DSC00326-300x225.jpg 300w, http:\/\/www.fumssar.com.br\/wp-content\/uploads\/2013\/11\/DSC00326-1024x767.jpg 1024w\" sizes=\"(max-width: 300px) 100vw, 300px\" \/><\/a><\/p>\n<p>&#8212;<\/p>\n<h4><strong>Hist\u00f3rico<\/strong><\/h4>\n<p>A unidade de sa\u00fade Agr\u00edcola teve in\u00edcio de suas atividades em mar\u00e7o de 2002.<\/p>\n<p>Anteriormente a esta data, os atendimentos eram prestados pela unidade de sa\u00fade Planalto, que abrangia todo o distrito. Ap\u00f3s grande mobiliza\u00e7\u00e3o, teve in\u00edcio em 2001 a constru\u00e7\u00e3o das depend\u00eancias f\u00edsicas da unidade de sa\u00fade Agr\u00edcola, que veio suprir a demanda de atendimento a popula\u00e7\u00e3o das seguintes comunidades, Vila Agr\u00edcola, Vila Vicente Cardoso, N\u00facleo Tiradentes, Vila Piekala, Av. Borges de Medeiros e parte da RS 344, totalizando um n\u00famero de aproximadamente 4000 habitantes. Fazem parte do distrito de sa\u00fade as seguintes entidades, Lar dos Idosos, Pres\u00eddio Estadual de Santa Rosa, Escola Infantil Her\u00f3is do Futuro, Escola de Ensino Fundamental Tiradentes e Centro Assistencial Sagrada-Fam\u00edlia. Unidade voltada ao programa de Sa\u00fade da Fam\u00edlia, visando a preven\u00e7\u00e3o e promo\u00e7\u00e3o de sa\u00fade, disponibilizando servi\u00e7os a comunidade local.<\/p>\n","protected":false},"excerpt":{"rendered":"<p>Agr\u00edcola Contatos Telefone: (55) 3513-5166 | 99617-0443 Email: ubsagricola@fumssar.com.br &#8212; Endere\u00e7o Rua Benvindo Giordani, 440,&#8230;<\/p>\n","protected":false},"author":1,"featured_media":0,"parent":91,"menu_order":0,"comment_status":"closed","ping_status":"open","template":"","meta":{"footnotes":""},"_links":{"self":[{"href":"http:\/\/www.fumssar.com.br\/index.php?rest_route=\/wp\/v2\/pages\/93"}],"collection":[{"href":"http:\/\/www.fumssar.com.br\/index.php?rest_route=\/wp\/v2\/pages"}],"about":[{"href":"http:\/\/www.fumssar.com.br\/index.php?rest_route=\/wp\/v2\/types\/page"}],"author":[{"embeddable":true,"href":"http:\/\/www.fumssar.com.br\/index.php?rest_route=\/wp\/v2\/users\/1"}],"replies":[{"embeddable":true,"href":"http:\/\/www.fumssar.com.br\/index.php?rest_route=%2Fwp%2Fv2%2Fcomments&post=93"}],"version-history":[{"count":14,"href":"http:\/\/www.fumssar.com.br\/index.php?rest_route=\/wp\/v2\/pages\/93\/revisions"}],"predecessor-version":[{"id":17701,"href":"http:\/\/www.fumssar.com.br\/index.php?rest_route=\/wp\/v2\/pages\/93\/revisions\/17701"}],"up":[{"embeddable":true,"href":"http:\/\/www.fumssar.com.br\/index.php?rest_route=\/wp\/v2\/pages\/91"}],"wp:attachment":[{"href":"http:\/\/www.fumssar.com.br\/index.php?rest_route=%2Fwp%2Fv2%2Fmedia&parent=93"}],"curies":[{"name":"wp","href":"https:\/\/api.w.org\/{rel}","templated":true}]}}