{"id":337,"date":"2013-12-17T17:58:43","date_gmt":"2013-12-17T17:58:43","guid":{"rendered":"http:\/\/www.fumssar.com.br\/?page_id=337"},"modified":"2024-11-19T14:31:31","modified_gmt":"2024-11-19T17:31:31","slug":"sobre-o-conselho-municipal-de-saude","status":"publish","type":"page","link":"http:\/\/www.fumssar.com.br\/?page_id=337","title":{"rendered":"Sobre o Conselho Municipal de Sa\u00fade"},"content":{"rendered":"<h4><strong>Contatos<\/strong><\/h4>\n<p><strong>Telefones:<\/strong> (55) 3513-5138 | 99963-6773<br \/><strong>Email:<\/strong> cms@fumssar.com.br<\/p>\n<p>&#8212;<\/p>\n<h4><strong>Endere\u00e7o<\/strong><\/h4>\n<p>Rua Santa Rosa, 132<br \/>Centro, Santa Rosa \u2013 RS, Cep: 98780-319<\/p>\n<p><iframe loading=\"lazy\" style=\"border: 0;\" src=\"https:\/\/www.google.com\/maps\/embed?pb=!1m18!1m12!1m3!1d881.731617994183!2d-54.48629348594616!3d-27.87352894091782!2m3!1f0!2f0!3f0!3m2!1i1024!2i768!4f13.1!3m3!1m2!1s0x94f93435fd325fc5%3A0x4308249f42a31a5f!2sFUMSSAR-Funda%C3%A7%C3%A3o%20Municipal%20de%20Sa%C3%BAde%20Santa%20Rosa!5e0!3m2!1spt-BR!2sbr!4v1580134187873!5m2!1spt-BR!2sbr\" width=\"400\" height=\"300\" frameborder=\"0\" allowfullscreen=\"allowfullscreen\"><\/iframe><\/p>\n<p>&#8212;<\/p>\n<h4><strong>Hor\u00e1rios de atendimento<\/strong><\/h4>\n<p>Segunda \u00e0 Sexta-feira: 13hs \u00e0s 17hs<\/p>\n<p>&#8212;<\/p>\n<h4><strong>Mesa Diretora\u00a0<\/strong><\/h4>\n<p>Presidente: Pedro Prestes dos Santos &#8211; Segmento Usu\u00e1rio<br \/>Vice-presidente: Fabiana Avellaneda &#8211; Segmento Trabalhador em Sa\u00fade<br \/>Coordenador: Rog\u00e9rio Silva dos Santos &#8211; Segmento Gestor<br \/>Secret\u00e1ria de Mesa: Beatir Henrich Uhlmann &#8211; Segmento Usu\u00e1rio<\/p>\n<p>&#8212;<\/p>\n<p><span style=\"color: black;\"><span style=\"color: black;\"><br \/><strong>Comiss\u00f5es:<\/strong><br \/>&#8211; Comiss\u00e3o Permanente de Fiscaliza\u00e7\u00e3o e Controle<br \/>&#8211; Comiss\u00e3o de Pol\u00edticas Sociais e Jur\u00eddicas<br \/>&#8211; Comiss\u00e3o de Or\u00e7amento e Finan\u00e7as<br \/>&#8211; Comiss\u00e3o de Avalia\u00e7\u00e3o dos Indicadores de Sa\u00fade<\/span><\/span><\/p>\n<p>&#8212;<\/p>\n<h4><strong>Hist\u00f3rico<\/strong><\/h4>\n<p align=\"justify\">O Conselho Municipal de Sa\u00fade, foi criado pela lei n\u00b0 2.452 de 21\/08\/1992 e reestruturado pela lei n\u00b0 4.737 de 25\/11\/2010, \u00e9 \u00f3rg\u00e3o em car\u00e1ter consultivo e deliberativo com atribui\u00e7\u00f5es de assessorar, acompanhar, deliberar, sugerir, decidir, propor, estabelecer, contribuir, colaborar e fiscalizar todas as quest\u00f5es de sa\u00fade no \u00e2mbito do munic\u00edpio.<\/p>\n<p align=\"justify\">O CMS \u00e9 institu\u00eddo mediante homologa\u00e7\u00e3o do Prefeito Municipal atuar\u00e1 na formula\u00e7\u00e3o da Pol\u00edtica Municipal de Sa\u00fade, bem como, o acompanhamento e controle da sua implementa\u00e7\u00e3o e execu\u00e7\u00e3o, visando \u00e0 melhoria da fun\u00e7\u00e3o integral \u00e0 sa\u00fade da popula\u00e7\u00e3o, nas \u00e1reas de promo\u00e7\u00e3o, prote\u00e7\u00e3o e recupera\u00e7\u00e3o da sa\u00fade. \u00c9 constitu\u00eddo:<\/p>\n<p>1 \u2013 Pela Plen\u00e1ria.<br \/>2 \u2013 Pela Mesa Diretora.<br \/>3 \u2013 Pela Secretaria.<br \/>4 \u2013 Pelas Comiss\u00f5es Permanentes e Tempor\u00e1rias.<\/p>\n<p align=\"justify\">O CMS \u00f3rg\u00e3o colegiado, inst\u00e2ncia m\u00e1xima, com poder deliberativo em rela\u00e7\u00e3o \u00e0 gest\u00e3o das a\u00e7\u00f5es de sa\u00fade no munic\u00edpio, \u00e9 composto de forma parit\u00e1ria com a seguinte composi\u00e7\u00e3o:<\/p>\n<p align=\"justify\">I \u2013 (50%) cinquenta por cento de usu\u00e1rios da sociedade civil organizada e, juridicamente, constitu\u00edda ou considerada representativa pela plen\u00e1ria.<\/p>\n<p align=\"justify\">II \u2013 (25%) vinte e cinco por cento de representantes de trabalhadores da sa\u00fade.<\/p>\n<p align=\"justify\">III \u2013 (25%) vinte e cinco por cento ser\u00e3o representantes dos governos (estadual, municipal, federal) e prestadores de servi\u00e7os.<\/p>\n\n\n<p><\/p>\n","protected":false},"excerpt":{"rendered":"<p>Contatos Telefones: (55) 3513-5138 | 99963-6773Email: cms@fumssar.com.br &#8212; Endere\u00e7o Rua Santa Rosa, 132Centro, Santa Rosa&#8230;<\/p>\n","protected":false},"author":1,"featured_media":0,"parent":220,"menu_order":0,"comment_status":"closed","ping_status":"open","template":"","meta":{"footnotes":""},"_links":{"self":[{"href":"http:\/\/www.fumssar.com.br\/index.php?rest_route=\/wp\/v2\/pages\/337"}],"collection":[{"href":"http:\/\/www.fumssar.com.br\/index.php?rest_route=\/wp\/v2\/pages"}],"about":[{"href":"http:\/\/www.fumssar.com.br\/index.php?rest_route=\/wp\/v2\/types\/page"}],"author":[{"embeddable":true,"href":"http:\/\/www.fumssar.com.br\/index.php?rest_route=\/wp\/v2\/users\/1"}],"replies":[{"embeddable":true,"href":"http:\/\/www.fumssar.com.br\/index.php?rest_route=%2Fwp%2Fv2%2Fcomments&post=337"}],"version-history":[{"count":32,"href":"http:\/\/www.fumssar.com.br\/index.php?rest_route=\/wp\/v2\/pages\/337\/revisions"}],"predecessor-version":[{"id":28169,"href":"http:\/\/www.fumssar.com.br\/index.php?rest_route=\/wp\/v2\/pages\/337\/revisions\/28169"}],"up":[{"embeddable":true,"href":"http:\/\/www.fumssar.com.br\/index.php?rest_route=\/wp\/v2\/pages\/220"}],"wp:attachment":[{"href":"http:\/\/www.fumssar.com.br\/index.php?rest_route=%2Fwp%2Fv2%2Fmedia&parent=337"}],"curies":[{"name":"wp","href":"https:\/\/api.w.org\/{rel}","templated":true}]}}