{"id":150,"date":"2013-11-29T18:15:26","date_gmt":"2013-11-29T18:15:26","guid":{"rendered":"http:\/\/www.fumssar.com.br\/?page_id=150"},"modified":"2021-06-23T10:36:22","modified_gmt":"2021-06-23T13:36:22","slug":"sobre-o-posto","status":"publish","type":"page","link":"http:\/\/www.fumssar.com.br\/?page_id=150","title":{"rendered":"Unidades de Sa\u00fade > Posto de Sa\u00fade Timba\u00fava > Sobre o Posto"},"content":{"rendered":"<h3><strong>Timba\u00fava<\/strong><\/h3>\n<h4><strong>Contatos<\/strong><\/h4>\n<p><strong>Telefone:<\/strong> (55) 3513-5182 | 99639-3865<br \/>\n<strong>Email:<\/strong> ubstimbauva@fumssar.com.br<\/p>\n<p>&#8212;<\/p>\n<h4><strong>Endere\u00e7o<\/strong><\/h4>\n<p>Gerson Lunardi 221, Vila Timba\u00fava, Santa Rosa &#8211; RS<\/p>\n<p><iframe loading=\"lazy\" style=\"border: 0;\" src=\"https:\/\/www.google.com\/maps\/embed?pb=!1m18!1m12!1m3!1d28221.50173260652!2d-54.50381521276716!3d-27.850137344894804!2m3!1f0!2f0!3f0!3m2!1i1024!2i768!4f13.1!3m3!1m2!1s0x0%3A0x0!2zMjfCsDUxJzAwLjUiUyA1NMKwMjknMTAuNyJX!5e0!3m2!1spt-BR!2sbr!4v1467831710679\" width=\"400\" height=\"300\" frameborder=\"0\" allowfullscreen=\"allowfullscreen\"><\/iframe><\/p>\n<p>&#8212;<\/p>\n<h4><strong>Hor\u00e1rio de Atendimento<\/strong><\/h4>\n<p>Segunda a Sexta-Feira<br \/>\n7:30h \u00e0s 11:15h<br \/>\n13:30h \u00e0s 17:15h<br \/>\n* Nas Quartas-Feiras \u00e0 tarde &#8211; reuni\u00e3o de equipe at\u00e9 as 15:30h<\/p>\n<p><i>Posto Avan\u00e7ado do Lajeado Manchinha<\/i><br \/>\nAtendimento pela Auxiliar de Enfermagem: Segundas, Quintas e Sextas<br \/>\nAtendimento m\u00e9dico: Segundas de manh\u00e3 e sexta o dia todo<br \/>\nAtendimento da enfermeira: Quintas de manh\u00e3<\/p>\n<p>&#8212;<\/p>\n<h4><strong>Servi\u00e7os Oferecidos<\/strong><\/h4>\n<p><strong>Atendimento M\u00e9dico:<\/strong><br \/>\nAcolhimento.<br \/>\nTodos os dias manh\u00e3 e tarde.<\/p>\n<p><strong>Atendimento Pediatra:<\/strong><br \/>\nQuintas pela manh\u00e3 e sextas a tarde<\/p>\n<p><strong>Atendimento da Enfermeira:<\/strong><br \/>\nTodos os dias da semana, com pr\u00e9 agenda. Esta agenda pode ser feita por telefone.<\/p>\n<p><strong>Atendimento Odontol\u00f3gico:<\/strong><br \/>\nSegunda-feira e quarta-feira<br \/>\nObs.: agendamento do interior por telefone<\/p>\n<p><strong>Atendimento Psic\u00f3loga:<\/strong><br \/>\nTer\u00e7as de manh\u00e3 e tarde; 1\u00aa e 3\u00aa quinta-feira do m\u00eas grupo terap\u00eautico; reuni\u00e3o equipe uma participa\u00e7\u00e3o mensal; 2\u00aa e 4\u00aa quinta-feira do m\u00eas atendimento.<\/p>\n<p><strong>Atendimento Nutricionista:<\/strong><br \/>\nSextas de manh\u00e3<\/p>\n<p><strong>Atendimento de Enfermagem:<\/strong><br \/>\nAcolhimento, recep\u00e7\u00e3o, farm\u00e1cia, procedimentos e vacinas todos os turnos.<\/p>\n<p><strong>Atividades em Grupo:<\/strong><br \/>\nGrupo de gin\u00e1stica que acontece nas 2\u00aa, 4\u00aa e 6\u00aa. Este grupo \u00e9 para a popula\u00e7\u00e3o em geral. Est\u00e1 sob a coordena\u00e7\u00e3o do educador f\u00edsico Rog\u00e9rio<\/p>\n<p>Atividades com escolares em parceria com a escola Timba\u00fava. Esta atividade acontece anualmente, onde s\u00e3o abordados assuntos relacionados a sexualidade, DSTs, preven\u00e7\u00e3o de gravidez na adolesc\u00eancia, consequ\u00eancias de uso de drogas e \u00e1lcool, e desenvolvimento do corpo humano em seus diferentes est\u00e1gios de vida, \u00e9 realizado exame anual de sa\u00fade bucal nos escolares mais orienta\u00e7\u00f5es de escova\u00e7\u00e3o.<\/p>\n<p>Grupo terap\u00eautico: realizado na 1\u00aa e 3\u00aa quintas feiras do m\u00eas. Turno: tarde. Destinado a mulheres com encaminhamento do CAPS e da M\u00e9dica da unidade.<\/p>\n<p>Na \u00faltima quinta-feira do m\u00eas pela manh\u00e3 \u00e9 realizado grupo de diab\u00e9ticos.<\/p>\n<p>&#8212;<\/p>\n<h4><strong>Equipe<\/strong><\/h4>\n<p><a href=\"http:\/\/www.fumssar.com.br\/wp-content\/uploads\/2016\/10\/Timba\u00fava.pdf\" target=\"_blank\" rel=\"noopener noreferrer\"><img decoding=\"async\" class=\"\" src=\"http:\/\/www.fumssar.com.br\/wp-content\/uploads\/2016\/10\/botao-profissionais-da-UBS.jpg\" alt=\"\" width=\"\" height=\"\" \/><\/a><\/p>\n<p>&#8212;<\/p>\n<h4><strong>Posto Avan\u00e7ado \u2013 Esquina Manchinha<\/strong><\/h4>\n<p><a href=\"http:\/\/www.fumssar.com.br\/?page_id=8886\" target=\"_blank\" rel=\"noopener noreferrer\"><img decoding=\"async\" class=\"\" src=\"http:\/\/www.fumssar.com.br\/wp-content\/uploads\/2016\/10\/btn-posto-avancado-machinha.jpg\" alt=\"\" width=\"\" height=\"\" \/><\/a><\/p>\n<p>&#8212;<\/p>\n<h4><strong>Hist\u00f3rico<\/strong><\/h4>\n<p>A Unidade de Sa\u00fade da Timba\u00fava iniciou suas atividade em agosto de 2011. Anteriormente os atendimentos de todo territ\u00f3rio eram prestados pela Unidade de Sa\u00fade da Gl\u00f3ria abrangendo a unidade avan\u00e7ada da Manchinha. Aconteceram grandes mobiliza\u00e7\u00f5es, abaixo assinado, participa\u00e7\u00e3o no Conselho Municipal de Sa\u00fade e Confer\u00eancias Municipais de Sa\u00fade.<\/p>\n<p>Ap\u00f3s 5 anos de reivindica\u00e7\u00e3o da comunidade, finalmente foi aprovada a implanta\u00e7\u00e3o da Unidade B\u00e1sica.<\/p>\n<p>Em 2010 teve in\u00edcio a constru\u00e7\u00e3o das depend\u00eancias f\u00edsicas da Unidade, sendo que esta ficaria respons\u00e1vel pelas seguintes \u00e1reas: Vila Timba\u00fava, Alto da Timba\u00fava, Lajeado Ip\u00ea, Lajeado Tarum\u00e3, Lajeado Bonito, Lajeado Manchinha, Lajeado Engenho, Lajeado Ip\u00ea Baixo, Volta Seca Lajeado Grande e Recanto da Timba\u00fava.<\/p>\n<p>Atualmente a Unidade de Sa\u00fade juntamente com a unidade avan\u00e7ada da Manchinha atende em torno de 8.000 habitantes.<\/p>\n<p>A Unidade conta com uma equipe multiprofissional qualificada, voltada ao programa de sa\u00fade da fam\u00edlia, com servi\u00e7os que t\u00eam em vista os principais problemas e necessidades de sa\u00fade da comunidade, proporcionando a\u00e7\u00f5es de promo\u00e7\u00e3o, preven\u00e7\u00e3o e reabilita\u00e7\u00e3o da sa\u00fade.<\/p>\n","protected":false},"excerpt":{"rendered":"<p>Timba\u00fava Contatos Telefone: (55) 3513-5182 | 99639-3865 Email: ubstimbauva@fumssar.com.br &#8212; Endere\u00e7o Gerson Lunardi 221, Vila&#8230;<\/p>\n","protected":false},"author":1,"featured_media":0,"parent":148,"menu_order":0,"comment_status":"closed","ping_status":"open","template":"","meta":{"footnotes":""},"_links":{"self":[{"href":"http:\/\/www.fumssar.com.br\/index.php?rest_route=\/wp\/v2\/pages\/150"}],"collection":[{"href":"http:\/\/www.fumssar.com.br\/index.php?rest_route=\/wp\/v2\/pages"}],"about":[{"href":"http:\/\/www.fumssar.com.br\/index.php?rest_route=\/wp\/v2\/types\/page"}],"author":[{"embeddable":true,"href":"http:\/\/www.fumssar.com.br\/index.php?rest_route=\/wp\/v2\/users\/1"}],"replies":[{"embeddable":true,"href":"http:\/\/www.fumssar.com.br\/index.php?rest_route=%2Fwp%2Fv2%2Fcomments&post=150"}],"version-history":[{"count":13,"href":"http:\/\/www.fumssar.com.br\/index.php?rest_route=\/wp\/v2\/pages\/150\/revisions"}],"predecessor-version":[{"id":17702,"href":"http:\/\/www.fumssar.com.br\/index.php?rest_route=\/wp\/v2\/pages\/150\/revisions\/17702"}],"up":[{"embeddable":true,"href":"http:\/\/www.fumssar.com.br\/index.php?rest_route=\/wp\/v2\/pages\/148"}],"wp:attachment":[{"href":"http:\/\/www.fumssar.com.br\/index.php?rest_route=%2Fwp%2Fv2%2Fmedia&parent=150"}],"curies":[{"name":"wp","href":"https:\/\/api.w.org\/{rel}","templated":true}]}}