{"id":142,"date":"2013-11-29T18:13:12","date_gmt":"2013-11-29T18:13:12","guid":{"rendered":"http:\/\/www.fumssar.com.br\/?page_id=142"},"modified":"2021-06-22T15:08:40","modified_gmt":"2021-06-22T18:08:40","slug":"sobre-o-posto","status":"publish","type":"page","link":"http:\/\/www.fumssar.com.br\/?page_id=142","title":{"rendered":"Unidades de Sa\u00fade > Posto de Sa\u00fade Planalto > Sobre o Posto"},"content":{"rendered":"<h3><strong>Planalto<\/strong><\/h3>\n<h4><strong>Contatos<\/strong><\/h4>\n<p><strong>Telefone:<\/strong> (55) 3513-5179 | 99644-7952<br \/>\n<strong>Email:<\/strong> ubsplanalto@fumssar.com.br<\/p>\n<p>&#8212;<\/p>\n<h4><strong>Endere\u00e7o<\/strong><\/h4>\n<p>Rua Chile, 753, Planalto, Santa Rosa &#8211; RS<\/p>\n<p><iframe loading=\"lazy\" style=\"border: 0;\" src=\"https:\/\/www.google.com\/maps\/embed?pb=!1m18!1m12!1m3!1d1061.38400114385!2d-54.48384975047101!3d-27.880667584292766!2m3!1f0!2f0!3f0!3m2!1i1024!2i768!4f13.1!3m3!1m2!1s0x0%3A0x0!2zMjfCsDUyJzUwLjQiUyA1NMKwMjgnNTkuNSJX!5e1!3m2!1spt-BR!2sbr!4v1467914829033\" width=\"450\" height=\"300\" frameborder=\"0\" allowfullscreen=\"allowfullscreen\"><\/iframe><\/p>\n<p>&#8212;<\/p>\n<h4><strong>Hor\u00e1rio de Funcionamento<\/strong><\/h4>\n<p>Segunda \u00e0 sexta-feira<br \/>\n7:30h \u00e0s 11:30h<br \/>\n13:30h \u00e0s 17:30h<\/p>\n<p>&#8212;<\/p>\n<h4><strong>Equipe<\/strong><\/h4>\n<p><a href=\"http:\/\/www.fumssar.com.br\/wp-content\/uploads\/2016\/10\/Planalto.pdf\" target=\"_blank\" rel=\"noopener noreferrer\"><img decoding=\"async\" class=\"\" src=\"http:\/\/www.fumssar.com.br\/wp-content\/uploads\/2016\/10\/botao-profissionais-da-UBS.jpg\" alt=\"\" width=\"\" height=\"\" \/><\/a><\/p>\n<p>&#8212;<\/p>\n<p><a href=\"http:\/\/www.fumssar.com.br\/wp-content\/uploads\/2016\/07\/equipe-planalto.jpg\"><img decoding=\"async\" class=\"\" src=\"http:\/\/www.fumssar.com.br\/wp-content\/uploads\/2016\/07\/equipe-planalto.jpg\" alt=\"equipe-planalto\" width=\"300\" height=\"\" \/><\/a><\/p>\n<p>&#8212;<\/p>\n<h4><strong>Principais a\u00e7\u00f5es desenvolvidas:<\/strong><\/h4>\n<ul>\n<li>Visitas Domiciliares;<\/li>\n<li>Sempre ativa no combate \u00e0 Dengue, e ao mosquito Aedes Aegypt;<\/li>\n<li>Grupo de mulheres &#8211; acompanhado pelas ACS;<\/li>\n<li>Grupo de caminhada e atividades f\u00edsicas &#8211; acompanhado pela residente de Educa\u00e7\u00e3o F\u00edsica;<\/li>\n<li>Orienta\u00e7\u00e3o de Sa\u00fade Bucal nas escolas com palestras e escova\u00e7\u00e3o &#8211; acompanhado pela dentista, residente e auxiliar de sa\u00fade bucal;<\/li>\n<li>A equipe participa ativamente do dia da cidadania, fazendo parceria com outras entidades da sociedade;<\/li>\n<li>Realiza tamb\u00e9m, no m\u00eas de mar\u00e7o, a tradicional comemora\u00e7\u00e3o do dia internacional da mulher, onde s\u00e3o convidadas as mulheres da comunidade para participar do evento que sempre \u00e9 diversificado com atividades voltadas \u00e0 mulher, promovendo a autoestima e a conscientiza\u00e7\u00e3o do seu papel na sociedade;<\/li>\n<li>Grupo de adolescentes;<\/li>\n<li>Mant\u00e9m ainda, uma parceria com as escolas, atrav\u00e9s de palestras sobre sexualidade, m\u00e9todos reprodutivos e DST\/AIDS, com a equipe multiprofissional, da unidade como preven\u00e7\u00e3o;<\/li>\n<li>Grupo de hipertensos e diab\u00e9ticos;<\/li>\n<li>Verifica\u00e7\u00e3o da PA;<\/li>\n<li>Verifica\u00e7\u00e3o da glicose;<\/li>\n<li>Registro de dados e sinais do paciente.<\/li>\n<\/ul>\n<p>&#8212;<\/p>\n<h4><strong>Sobre o Posto de Sa\u00fade Planalto<\/strong><\/h4>\n<p>A comunidade do Bairro Planalto, corresponde a mais ou menos 5.000 pessoas, distribu\u00eddas em 1.208 fam\u00edlias.<\/p>\n<p>A Unidade B\u00e1sica de Sa\u00fade Planalto est\u00e1 localizada atualmente na rua Chile 753, e foi inaugurada em 25 de agosto de 1995.<\/p>\n<p>Sendo reinaugurada com nova reestrutura\u00e7\u00e3o e amplia\u00e7\u00e3o f\u00edsica, para melhor atender a comunidade, em 21 de agosto de 2015.<\/p>\n<p>At\u00e9 o ano de 2004 a Equipe de Programa de Sa\u00fade da Fam\u00edlia Planalto, atendia tamb\u00e9m a popula\u00e7\u00e3o da Vila Agr\u00edcola, e teve a colabora\u00e7\u00e3o de profissionais de Cuba para a implanta\u00e7\u00e3o do servi\u00e7o em sa\u00fade, mas com o tempo, a popula\u00e7\u00e3o foi crescendo e houve a necessidade de criar uma unidade s\u00f3 para atender a popula\u00e7\u00e3o da Agr\u00edcola, separando-se e criando-se assim os Distritos Sanit\u00e1rios e equipes da Planalto e Agr\u00edcola.<\/p>\n<p>O Distrito Sanit\u00e1rio Planalto faz limites com o territ\u00f3rio do Distrito Sanit\u00e1rio da Esperan\u00e7a, com Distrito Sanit\u00e1rio Agr\u00edcola, Distrito Sanit\u00e1rio Sulina e Distrito Sanit\u00e1rio do Centro, com 100% da \u00e1rea coberta por Agentes Comunit\u00e1rios de Sa\u00fade. Sendo uma \u00e1rea estritamente urbana, tamb\u00e9m possui algumas \u00e1reas de risco social.<\/p>\n<p>Pelo projeto da FUMSSAR, integram a equipe multiprofissional, os residentes de Medicina, Odontologia, Farm\u00e1cia, Educa\u00e7\u00e3o F\u00edsica, Nutri\u00e7\u00e3o, Enfermagem e Servi\u00e7o Social.<\/p>\n<p>A equipe, al\u00e9m destes eventos externos com a comunidade, hoje faz um atendimento diferenciado pelo acolhimento, que \u00e9 uma escuta inicial qualificada para atender as necessidades dos usu\u00e1rios.<\/p>\n<p>O atendimento com a psic\u00f3loga, nutricionista e enfermeira \u00e9 exclusivamente por agendamento.<\/p>\n<p>O atendimento dos auxiliares de enfermagem \u00e9 por livre demanda, realizando acolhimento, curativos, vacinas, nebuliza\u00e7\u00f5es, administra\u00e7\u00e3o de medicamentos injet\u00e1veis, retiradas de pontos, dispensa\u00e7\u00e3o de medica\u00e7\u00e3o, aferi\u00e7\u00e3o de press\u00e3o arterial e glicemia capilar e outros, bem como o servi\u00e7o burocr\u00e1tico.<\/p>\n<p>Todo o trabalho oferecido, \u00e9 registrado em prontu\u00e1rios, e informado no sistema de informa\u00e7\u00f5es da FUMSSAR.<\/p>\n<p>ASSIM, NOSSA EQUIPE TRABALHA PARA PROMOVER A SA\u00daDE E O BEM ESTAR NOSSA COMUNIDADE!<\/p>\n","protected":false},"excerpt":{"rendered":"<p>Planalto Contatos Telefone: (55) 3513-5179 | 99644-7952 Email: ubsplanalto@fumssar.com.br &#8212; Endere\u00e7o Rua Chile, 753, Planalto,&#8230;<\/p>\n","protected":false},"author":1,"featured_media":0,"parent":140,"menu_order":0,"comment_status":"closed","ping_status":"open","template":"","meta":{"footnotes":""},"_links":{"self":[{"href":"http:\/\/www.fumssar.com.br\/index.php?rest_route=\/wp\/v2\/pages\/142"}],"collection":[{"href":"http:\/\/www.fumssar.com.br\/index.php?rest_route=\/wp\/v2\/pages"}],"about":[{"href":"http:\/\/www.fumssar.com.br\/index.php?rest_route=\/wp\/v2\/types\/page"}],"author":[{"embeddable":true,"href":"http:\/\/www.fumssar.com.br\/index.php?rest_route=\/wp\/v2\/users\/1"}],"replies":[{"embeddable":true,"href":"http:\/\/www.fumssar.com.br\/index.php?rest_route=%2Fwp%2Fv2%2Fcomments&post=142"}],"version-history":[{"count":10,"href":"http:\/\/www.fumssar.com.br\/index.php?rest_route=\/wp\/v2\/pages\/142\/revisions"}],"predecessor-version":[{"id":17690,"href":"http:\/\/www.fumssar.com.br\/index.php?rest_route=\/wp\/v2\/pages\/142\/revisions\/17690"}],"up":[{"embeddable":true,"href":"http:\/\/www.fumssar.com.br\/index.php?rest_route=\/wp\/v2\/pages\/140"}],"wp:attachment":[{"href":"http:\/\/www.fumssar.com.br\/index.php?rest_route=%2Fwp%2Fv2%2Fmedia&parent=142"}],"curies":[{"name":"wp","href":"https:\/\/api.w.org\/{rel}","templated":true}]}}