{"id":134,"date":"2013-11-29T18:10:57","date_gmt":"2013-11-29T18:10:57","guid":{"rendered":"http:\/\/www.fumssar.com.br\/?page_id=134"},"modified":"2021-06-23T15:06:04","modified_gmt":"2021-06-23T18:06:04","slug":"sobre-o-posto","status":"publish","type":"page","link":"http:\/\/www.fumssar.com.br\/?page_id=134","title":{"rendered":"Unidades de Sa\u00fade > Posto de Sa\u00fade Julio de Oliveira > Sobre o Posto"},"content":{"rendered":"<h3><strong>Julio de Oliveira<\/strong><\/h3>\n<h4><strong>Contatos<\/strong><\/h4>\n<p><strong>Telefone:<\/strong> (55) 3513-5177 | 99617-2775<br \/>\n<strong>Email:<\/strong> ubsjuliodeoliveira@fumssar.com.br<\/p>\n<p>&#8212;<\/p>\n<h4><strong>Endere\u00e7o<\/strong><\/h4>\n<p>Rua Pedro Antunes, 340, Vila Julio de Oliveira, Santa Rosa &#8211; RS<\/p>\n<p><iframe loading=\"lazy\" style=\"border: 0;\" src=\"https:\/\/www.google.com\/maps\/embed?pb=!1m18!1m12!1m3!1d984.1736458039978!2d-54.42584717011751!3d-27.863478687383036!2m3!1f0!2f0!3f0!3m2!1i1024!2i768!4f13.1!3m3!1m2!1s0x0%3A0x0!2zMjfCsDUxJzQ4LjUiUyA1NMKwMjUnMzAuOSJX!5e1!3m2!1spt-BR!2sbr!4v1467914557191\" width=\"400\" height=\"300\" frameborder=\"0\" allowfullscreen=\"allowfullscreen\"><\/iframe><\/p>\n<p>&#8212;<\/p>\n<h4><strong>Hor\u00e1rio de Atendimento<\/strong><\/h4>\n<p><strong>Segunda a Sexta-Feira<\/strong><br \/>\n<strong>Manh\u00e3:<\/strong> 7:30 \u00e0s 11:15<br \/>\n<strong>Tarde:<\/strong> 13:30 \u00e0s 17:15<\/p>\n<p>&#8212;<\/p>\n<h4><strong>Equipe<\/strong><\/h4>\n<p><a href=\"http:\/\/www.fumssar.com.br\/wp-content\/uploads\/2016\/10\/J\u00falio-de-Oliveira.pdf\" target=\"_blank\" rel=\"noopener noreferrer\"><img decoding=\"async\" class=\"\" src=\"http:\/\/www.fumssar.com.br\/wp-content\/uploads\/2016\/10\/botao-profissionais-da-UBS.jpg\" alt=\"\" width=\"\" height=\"\" \/><\/a><\/p>\n<p>&#8212;<\/p>\n<h4><strong>Hist\u00f3rico<\/strong><\/h4>\n<p>A Unidade de Sa\u00fade da J\u00falio de Oliveira surgiu da luta da comunidade. Inaugurada em 11\/04\/2013, abrangendo as seguintes comunidades: J\u00falio de Oliveira, Speroni, Valdemar Pizoni, Morada do Sol, Lageado Capim e Lageado Assombrado. Ap\u00f3s in\u00edcio das atividades percebeu-se a necessidade de redefini\u00e7\u00e3o de \u00e1rea, o que se encontra em plena discuss\u00e3o no momento.<\/p>\n<p>Possui uma \u00e1rea f\u00edsica ampla com: 5 consult\u00f3rios, 4 banheiros, sala de reuni\u00f5es, sala de nebuliza\u00e7\u00e3o, sala de procedimentos, sala de vacinas, lavanderia, cozinha, expurgo, sala de preparo de material, sala de esteriliza\u00e7\u00e3o, sala de dep\u00f3sito de material esterilizado, sala para estoque de mat\u00e9rias, farm\u00e1cia, recep\u00e7\u00e3o e uma ampla sala de espera. Possui ainda em sua \u00e1rea externa 3 salas anexas e ar comprimido e oxig\u00eanio canalizados.<\/p>\n<p><span style=\"color: black;\">Em termos de equipamentos e mat\u00e9rias a Unidade est\u00e1 ainda sendo equipada e constantemente melhorada de acordo com as demandas que surgem.<br \/>\n<\/span><\/p>\n","protected":false},"excerpt":{"rendered":"<p>Julio de Oliveira Contatos Telefone: (55) 3513-5177 | 99617-2775 Email: ubsjuliodeoliveira@fumssar.com.br &#8212; Endere\u00e7o Rua Pedro&#8230;<\/p>\n","protected":false},"author":1,"featured_media":0,"parent":132,"menu_order":0,"comment_status":"closed","ping_status":"open","template":"","meta":{"footnotes":""},"_links":{"self":[{"href":"http:\/\/www.fumssar.com.br\/index.php?rest_route=\/wp\/v2\/pages\/134"}],"collection":[{"href":"http:\/\/www.fumssar.com.br\/index.php?rest_route=\/wp\/v2\/pages"}],"about":[{"href":"http:\/\/www.fumssar.com.br\/index.php?rest_route=\/wp\/v2\/types\/page"}],"author":[{"embeddable":true,"href":"http:\/\/www.fumssar.com.br\/index.php?rest_route=\/wp\/v2\/users\/1"}],"replies":[{"embeddable":true,"href":"http:\/\/www.fumssar.com.br\/index.php?rest_route=%2Fwp%2Fv2%2Fcomments&post=134"}],"version-history":[{"count":14,"href":"http:\/\/www.fumssar.com.br\/index.php?rest_route=\/wp\/v2\/pages\/134\/revisions"}],"predecessor-version":[{"id":17709,"href":"http:\/\/www.fumssar.com.br\/index.php?rest_route=\/wp\/v2\/pages\/134\/revisions\/17709"}],"up":[{"embeddable":true,"href":"http:\/\/www.fumssar.com.br\/index.php?rest_route=\/wp\/v2\/pages\/132"}],"wp:attachment":[{"href":"http:\/\/www.fumssar.com.br\/index.php?rest_route=%2Fwp%2Fv2%2Fmedia&parent=134"}],"curies":[{"name":"wp","href":"https:\/\/api.w.org\/{rel}","templated":true}]}}