{"id":130,"date":"2013-11-29T18:09:55","date_gmt":"2013-11-29T18:09:55","guid":{"rendered":"http:\/\/www.fumssar.com.br\/?page_id=130"},"modified":"2021-06-23T15:05:05","modified_gmt":"2021-06-23T18:05:05","slug":"sobre-o-posto","status":"publish","type":"page","link":"http:\/\/www.fumssar.com.br\/?page_id=130","title":{"rendered":"Unidades de Sa\u00fade > Posto de Sa\u00fade Gl\u00f3ria > Sobre o Posto"},"content":{"rendered":"<h3><strong>Gl\u00f3ria<\/strong><\/h3>\n<h4><strong>Contatos<\/strong><\/h4>\n<p><strong>Telefone:<\/strong> (55) 3513-5174 | 99629-4290<br \/>\n<strong>Email:<\/strong> ubsgloria@fumssar.com.br<\/p>\n<p>&#8212;<\/p>\n<h4><strong>Endere\u00e7o<\/strong><\/h4>\n<p>Rua Germano Mayer, s\/n, Gl\u00f3ria, Santa Rosa &#8211; RS<\/p>\n<p><iframe loading=\"lazy\" style=\"border: 0;\" src=\"https:\/\/www.google.com\/maps\/embed?pb=!1m18!1m12!1m3!1d28220.611665741373!2d-54.4953152127623!3d-27.853554044804913!2m3!1f0!2f0!3f0!3m2!1i1024!2i768!4f13.1!3m3!1m2!1s0x0%3A0x0!2zMjfCsDUxJzEyLjgiUyA1NMKwMjgnNDAuMSJX!5e1!3m2!1spt-BR!2sbr!4v1467913503188\" width=\"400\" height=\"300\" frameborder=\"0\" allowfullscreen=\"allowfullscreen\"><\/iframe><\/p>\n<p>&#8212;<\/p>\n<h4><strong>Equipe<\/strong><\/h4>\n<p><a href=\"http:\/\/www.fumssar.com.br\/wp-content\/uploads\/2016\/10\/Gl\u00f3ria.pdf\" target=\"_blank\" rel=\"noopener noreferrer\"><img decoding=\"async\" class=\"\" src=\"http:\/\/www.fumssar.com.br\/wp-content\/uploads\/2016\/10\/botao-profissionais-da-UBS.jpg\" alt=\"\" width=\"\" height=\"\" \/><\/a><\/p>\n<p>&#8212;<\/p>\n<h4><strong>Atividade Profissional<\/strong><\/h4>\n<p>M\u00e9dico de Fam\u00edlia<br \/>\nEnfermeiro Geral<br \/>\nAuxiliar de Enfermagem<br \/>\nAuxiliar de Enfermagem<br \/>\nT\u00e9cnica de Enfermagem<br \/>\nAgente Comunit\u00e1rio de Sa\u00fade<br \/>\nAgente Comunit\u00e1rio de Sa\u00fade<br \/>\nAgente Comunit\u00e1rio de Sa\u00fade<br \/>\nAgente Comunit\u00e1rio de Sa\u00fade<br \/>\nEducadora F\u00edsica<br \/>\nTerapeuta Ocupacional<br \/>\nNutricionista<br \/>\nPsic\u00f3loga<\/p>\n<p>&#8212;<\/p>\n<h4><strong>Hist\u00f3rico<\/strong><\/h4>\n<p>Esta Unidade de Sa\u00fade foi fundada no dia 18 de setembro de 2000 em um pr\u00e9dio que era ocupado por uma escola localizada na Rua Germano Mayer, sem n\u00ba do Bairro Gl\u00f3ria. Antes, este Distrito fazia parte do Distrito do Posto de Sa\u00fade do Centro, ap\u00f3s solicita\u00e7\u00e3o da comunidade nas confer\u00eancias municipais de sa\u00fade foi realizado o desmembramento e formado um novo Distrito.<\/p>\n<p>O Distrito Gl\u00f3ria atende o Bairro Gl\u00f3ria, Alto do Parque, Loteamento Terra, Alian\u00e7a, parte do Lajeado Ip\u00ea, Km 05 e Km 02, sendo que 20% desta popula\u00e7\u00e3o s\u00e3o usu\u00e1rios do sistema privado e 80% do Sistema \u00danico de Sa\u00fade(SUS), perfazendo mais ou menos 5.000 mil habitantes.<\/p>\n<p>Para atender esta demanda o Posto conta com uma equipe multiprofissional qualificada, priorizando as a\u00e7\u00f5es de promo\u00e7\u00e3o, prote\u00e7\u00e3o e recupera\u00e7\u00e3o da sa\u00fade dos indiv\u00edduos, atendendo todas as faixas et\u00e1rias, sempre procurando dar uma assist\u00eancia adequada a cada situa\u00e7\u00e3o apresentada.<\/p>\n<p>A equipe multidisciplinar da Unidade da Gl\u00f3ria realiza semanalmente reuni\u00e3o onde s\u00e3o discutidas a\u00e7\u00f5es de melhoria do atendimento aos usu\u00e1rios a fim de garantir a universalidade, equidade e integralidade como preconiza o Sistema \u00danico de Sa\u00fade.<\/p>\n","protected":false},"excerpt":{"rendered":"<p>Gl\u00f3ria Contatos Telefone: (55) 3513-5174 | 99629-4290 Email: ubsgloria@fumssar.com.br &#8212; Endere\u00e7o Rua Germano Mayer, s\/n,&#8230;<\/p>\n","protected":false},"author":1,"featured_media":0,"parent":128,"menu_order":0,"comment_status":"closed","ping_status":"open","template":"","meta":{"footnotes":""},"_links":{"self":[{"href":"http:\/\/www.fumssar.com.br\/index.php?rest_route=\/wp\/v2\/pages\/130"}],"collection":[{"href":"http:\/\/www.fumssar.com.br\/index.php?rest_route=\/wp\/v2\/pages"}],"about":[{"href":"http:\/\/www.fumssar.com.br\/index.php?rest_route=\/wp\/v2\/types\/page"}],"author":[{"embeddable":true,"href":"http:\/\/www.fumssar.com.br\/index.php?rest_route=\/wp\/v2\/users\/1"}],"replies":[{"embeddable":true,"href":"http:\/\/www.fumssar.com.br\/index.php?rest_route=%2Fwp%2Fv2%2Fcomments&post=130"}],"version-history":[{"count":11,"href":"http:\/\/www.fumssar.com.br\/index.php?rest_route=\/wp\/v2\/pages\/130\/revisions"}],"predecessor-version":[{"id":17708,"href":"http:\/\/www.fumssar.com.br\/index.php?rest_route=\/wp\/v2\/pages\/130\/revisions\/17708"}],"up":[{"embeddable":true,"href":"http:\/\/www.fumssar.com.br\/index.php?rest_route=\/wp\/v2\/pages\/128"}],"wp:attachment":[{"href":"http:\/\/www.fumssar.com.br\/index.php?rest_route=%2Fwp%2Fv2%2Fmedia&parent=130"}],"curies":[{"name":"wp","href":"https:\/\/api.w.org\/{rel}","templated":true}]}}